{"id":11945,"date":"2023-11-18T12:50:30","date_gmt":"2023-11-18T11:50:30","guid":{"rendered":"https:\/\/www.automovilesjasu.com\/accesibilidad-2\/"},"modified":"2024-04-11T20:12:39","modified_gmt":"2024-04-11T18:12:39","slug":"accesibilidad","status":"publish","type":"page","link":"https:\/\/www.automovilesjasu.com\/en\/accessibility\/","title":{"rendered":"Accessibility"},"content":{"rendered":"<div data-elementor-type=\"wp-page\" data-elementor-id=\"11945\" class=\"elementor elementor-11945\" data-elementor-post-type=\"page\">\n\t\t\t\t\t\t<section class=\"elementor-section elementor-top-section elementor-element elementor-element-6d1fe687 elementor-section-full_width elementor-section-height-default elementor-section-height-default\" data-id=\"6d1fe687\" data-element_type=\"section\" data-settings=\"{&quot;background_background&quot;:&quot;classic&quot;,&quot;background_motion_fx_motion_fx_scrolling&quot;:&quot;yes&quot;,&quot;background_motion_fx_devices&quot;:[&quot;desktop&quot;,&quot;tablet&quot;,&quot;mobile&quot;]}\">\n\t\t\t\t\t\t\t<div class=\"elementor-background-overlay\"><\/div>\n\t\t\t\t\t\t\t<div class=\"elementor-container elementor-column-gap-no\">\n\t\t\t\t\t<div class=\"elementor-column elementor-col-100 elementor-top-column elementor-element elementor-element-2aa5104\" data-id=\"2aa5104\" data-element_type=\"column\" data-settings=\"{&quot;background_background&quot;:&quot;classic&quot;}\">\n\t\t\t<div class=\"elementor-widget-wrap elementor-element-populated\">\n\t\t\t\t\t\t<div class=\"elementor-element elementor-element-67596315 elementor-widget__width-auto elementor-mobile-align-center elementor-widget-mobile__width-auto elementor-widget elementor-widget-breadcrumbs\" data-id=\"67596315\" data-element_type=\"widget\" data-widget_type=\"breadcrumbs.default\">\n\t\t\t\t<div class=\"elementor-widget-container\">\n\t\t\t\t\t<p id=\"breadcrumbs\"><span><span><a href=\"https:\/\/www.automovilesjasu.com\/en\">Start<\/a><\/span><\/span><\/p>\t\t\t\t<\/div>\n\t\t\t\t<\/div>\n\t\t\t\t<div class=\"elementor-element elementor-element-1f905dcb elementor-invisible elementor-widget elementor-widget-heading\" data-id=\"1f905dcb\" data-element_type=\"widget\" data-settings=\"{&quot;_animation&quot;:&quot;fadeInLeft&quot;}\" data-widget_type=\"heading.default\">\n\t\t\t\t<div class=\"elementor-widget-container\">\n\t\t\t\t\t<h1 class=\"elementor-heading-title elementor-size-default\">ACCESSIBILITY<\/h1>\t\t\t\t<\/div>\n\t\t\t\t<\/div>\n\t\t\t\t<div class=\"elementor-element elementor-element-5e1f19c9 elementor-widget elementor-widget-text-editor\" data-id=\"5e1f19c9\" data-element_type=\"widget\" data-widget_type=\"text-editor.default\">\n\t\t\t\t<div class=\"elementor-widget-container\">\n\t\t\t\t\t\t\t\t\t<p style=\"text-align: center;\">Responsible declaration of accessibility of this website in compliance with current regulations<\/p>\t\t\t\t\t\t\t\t<\/div>\n\t\t\t\t<\/div>\n\t\t\t\t\t<\/div>\n\t\t<\/div>\n\t\t\t\t\t<\/div>\n\t\t<\/section>\n\t\t\t\t<section class=\"elementor-section elementor-top-section elementor-element elementor-element-33c50a44 elementor-section-boxed elementor-section-height-default elementor-section-height-default\" data-id=\"33c50a44\" data-element_type=\"section\">\n\t\t\t\t\t\t<div class=\"elementor-container elementor-column-gap-default\">\n\t\t\t\t\t<div class=\"elementor-column elementor-col-100 elementor-top-column elementor-element elementor-element-4712c5aa\" data-id=\"4712c5aa\" data-element_type=\"column\">\n\t\t\t<div class=\"elementor-widget-wrap elementor-element-populated\">\n\t\t\t\t\t\t<div class=\"elementor-element elementor-element-522e5a93 elementor-widget elementor-widget-text-editor\" data-id=\"522e5a93\" data-element_type=\"widget\" data-widget_type=\"text-editor.default\">\n\t\t\t\t<div class=\"elementor-widget-container\">\n\t\t\t\t\t\t\t\t\t<p><strong>JASU Automobiles<\/strong> is committed to providing a fully accessible website experience for all users, including those who rely on assistive technologies such as screen readers, screen magnification software, and alternative keyboard input devices to navigate the web, in accordance with the <a class=\"ext\" href=\"https:\/\/www.boe.es\/diario_boe\/txt.php?id=BOE-A-2018-12699\" target=\"_blank\" rel=\"noopener noreferrer\" data-extlink=\"\">Royal Decree 1112\/2018, of September 7, on the accessibility of websites and applications for mobile devices in the public sector.<\/a><\/p><p>This accessibility statement applies to the website: www.automovilesjasu.com<\/p>\t\t\t\t\t\t\t\t<\/div>\n\t\t\t\t<\/div>\n\t\t\t\t<div class=\"elementor-element elementor-element-70e456c1 elementor-invisible elementor-widget elementor-widget-heading\" data-id=\"70e456c1\" data-element_type=\"widget\" data-settings=\"{&quot;_animation&quot;:&quot;fadeIn&quot;}\" data-widget_type=\"heading.default\">\n\t\t\t\t<div class=\"elementor-widget-container\">\n\t\t\t\t\t<h2 class=\"elementor-heading-title elementor-size-default\">COMPLIANCE STATUS<\/h2>\t\t\t\t<\/div>\n\t\t\t\t<\/div>\n\t\t\t\t<div class=\"elementor-element elementor-element-131744ec elementor-widget elementor-widget-text-editor\" data-id=\"131744ec\" data-element_type=\"widget\" data-widget_type=\"text-editor.default\">\n\t\t\t\t<div class=\"elementor-widget-container\">\n\t\t\t\t\t\t\t\t\t<p>This website is partially in accordance with RD 1112\/2018 due to the exceptions and the lack of conformity of the aspects indicated in the following point.<\/p>\t\t\t\t\t\t\t\t<\/div>\n\t\t\t\t<\/div>\n\t\t\t\t<div class=\"elementor-element elementor-element-1d11496 elementor-invisible elementor-widget elementor-widget-heading\" data-id=\"1d11496\" data-element_type=\"widget\" data-settings=\"{&quot;_animation&quot;:&quot;fadeIn&quot;}\" data-widget_type=\"heading.default\">\n\t\t\t\t<div class=\"elementor-widget-container\">\n\t\t\t\t\t<h2 class=\"elementor-heading-title elementor-size-default\">CONTENT NOT ACCESSIBLE<\/h2>\t\t\t\t<\/div>\n\t\t\t\t<\/div>\n\t\t\t\t<div class=\"elementor-element elementor-element-30ea0fee elementor-widget elementor-widget-text-editor\" data-id=\"30ea0fee\" data-element_type=\"widget\" data-widget_type=\"text-editor.default\">\n\t\t\t\t<div class=\"elementor-widget-container\">\n\t\t\t\t\t\t\t\t\t<p><span style=\"color: var( --e-global-color-text ); font-family: var( --e-global-typography-text-font-family ), Sans-serif; font-size: var( --e-global-typography-text-font-size ); font-weight: var( --e-global-typography-text-font-weight );\">The content listed below is not accessible for the following reasons:<\/span><\/p><h3 style=\"padding-left: 40px;\">Lack of compliance with RD 1112\/2018<\/h3><p style=\"padding-left: 40px;\">There could be office documents in PDF and other formats published after September 20, 2018 that do not fully meet the accessibility requirements. Fully accessible documents can be requested from the contact form to formalize complaints and queries.<\/p><p style=\"padding-left: 40px;\">There could be specific editing code errors on some web page. [4.1.1 Processing]<\/p><h3 style=\"padding-left: 40px;\">The content does not fall within the scope of applicable law<\/h3><p style=\"padding-left: 40px;\">There could be office files in PDF or other formats published before September 20, 2018 that do not fully meet all accessibility requirements. Although efforts have been made to ensure that most of them do comply.<\/p>\t\t\t\t\t\t\t\t<\/div>\n\t\t\t\t<\/div>\n\t\t\t\t<div class=\"elementor-element elementor-element-64fa3007 elementor-invisible elementor-widget elementor-widget-heading\" data-id=\"64fa3007\" data-element_type=\"widget\" data-settings=\"{&quot;_animation&quot;:&quot;fadeIn&quot;}\" data-widget_type=\"heading.default\">\n\t\t\t\t<div class=\"elementor-widget-container\">\n\t\t\t\t\t<h2 class=\"elementor-heading-title elementor-size-default\">OPTIONAL CONTENT<\/h2>\t\t\t\t<\/div>\n\t\t\t\t<\/div>\n\t\t\t\t<div class=\"elementor-element elementor-element-4812b2ea elementor-widget elementor-widget-text-editor\" data-id=\"4812b2ea\" data-element_type=\"widget\" data-widget_type=\"text-editor.default\">\n\t\t\t\t<div class=\"elementor-widget-container\">\n\t\t\t\t\t\t\t\t\t<p><span style=\"color: var( --e-global-color-text ); font-family: var( --e-global-typography-text-font-family ), Sans-serif; font-size: var( --e-global-typography-text-font-size ); font-weight: var( --e-global-typography-text-font-weight );\">This website is designed to be able to change the text size and color, as well as the background of the page through the standard configuration options of the browsers.<\/span><\/p>\n<p>If you want to change the font size of the text in the main graphic browsers, use the following menus:<\/p>\n<ul>\n<li>Internet Explorer, Mozilla, and Firefox: View &gt; Text Size<\/li>\n<li>Opera: View &gt; Zoom<\/li>\n<li>Safari: View &gt; Make Text Bigger<\/li>\n<li>Chrome: Control Current Page &gt; Text Size To change the size of everything on the page:<\/li>\n<li>Ctrl + + to increase it<\/li><li>Ctrl + \u2013 to decrease it<\/li><li>Ctrl + 0 restores the original size of the text<\/li><li>If what you want is to override the style sheet or modify the color of the text, you can consult the page <span lang=\"en\" style=\"background-color: transparent; color: var( --e-global-color-text ); font-family: var( --e-global-typography-text-font-family ), Sans-serif; font-weight: var( --e-global-typography-text-font-weight );\">How to Change Text Size or Colors of the WAI<\/span><span style=\"background-color: transparent; color: var( --e-global-color-text ); font-family: var( --e-global-typography-text-font-family ), Sans-serif; font-weight: var( --e-global-typography-text-font-weight );\">, which can be read translated into Spanish in How to change the text size or colors?<\/span><\/li>\n<\/ul>\t\t\t\t\t\t\t\t<\/div>\n\t\t\t\t<\/div>\n\t\t\t\t<div class=\"elementor-element elementor-element-3cb885eb elementor-invisible elementor-widget elementor-widget-heading\" data-id=\"3cb885eb\" data-element_type=\"widget\" data-settings=\"{&quot;_animation&quot;:&quot;fadeIn&quot;}\" data-widget_type=\"heading.default\">\n\t\t\t\t<div class=\"elementor-widget-container\">\n\t\t\t\t\t<h2 class=\"elementor-heading-title elementor-size-default\">ACCESSIBILITY FEATURES ON OUR WEBSITE<\/h2>\t\t\t\t<\/div>\n\t\t\t\t<\/div>\n\t\t\t\t<div class=\"elementor-element elementor-element-4fe23352 elementor-widget elementor-widget-text-editor\" data-id=\"4fe23352\" data-element_type=\"widget\" data-widget_type=\"text-editor.default\">\n\t\t\t\t<div class=\"elementor-widget-container\">\n\t\t\t\t\t\t\t\t\t<div><span style=\"color: var( --e-global-color-text ); font-family: var( --e-global-typography-text-font-family ), Sans-serif; font-size: var( --e-global-typography-text-font-size ); font-weight: var( --e-global-typography-text-font-weight );\">Mediante el plugin \u00abOne Click Accessibility\u00bb hemos incorporado las siguientes herramientas para mejorar la accesibilidad:<\/span><\/div><ul><li>Change font size (increase\/decrease)<\/li><li>Grayscale<\/li><li>negative contrast<\/li><li>High contrast<\/li><li>light background<\/li><li>link underlining<\/li><li>human readable font<\/li><li>Link to sitemap\/comments\/help pages<\/li><li>Enable skip to content<\/li><li>Add outline focus for focusable elements<\/li><li>Remove target attribute from links<\/li><li>Add reference roles to all links<\/li><li>Customizer for style adjustment<\/li><\/ul>\t\t\t\t\t\t\t\t<\/div>\n\t\t\t\t<\/div>\n\t\t\t\t<div class=\"elementor-element elementor-element-695c0d52 elementor-invisible elementor-widget elementor-widget-heading\" data-id=\"695c0d52\" data-element_type=\"widget\" data-settings=\"{&quot;_animation&quot;:&quot;fadeIn&quot;}\" data-widget_type=\"heading.default\">\n\t\t\t\t<div class=\"elementor-widget-container\">\n\t\t\t\t\t<h2 class=\"elementor-heading-title elementor-size-default\">WHERE ARE WE IMPROVING<\/h2>\t\t\t\t<\/div>\n\t\t\t\t<\/div>\n\t\t\t\t<div class=\"elementor-element elementor-element-378216c4 elementor-widget elementor-widget-text-editor\" data-id=\"378216c4\" data-element_type=\"widget\" data-widget_type=\"text-editor.default\">\n\t\t\t\t<div class=\"elementor-widget-container\">\n\t\t\t\t\t\t\t\t\t<div><span style=\"color: var( --e-global-color-text ); font-family: var( --e-global-typography-text-font-family ), Sans-serif; font-size: var( --e-global-typography-text-font-size ); font-weight: var( --e-global-typography-text-font-weight );\">This is part of our broader effort to make everyone&#039;s experience at JASU Automobiles welcoming and enjoyable. Please note that while we make every effort to provide information accessible to all users, we cannot guarantee the accessibility of third-party websites to which we may link.<\/span><\/div>\t\t\t\t\t\t\t\t<\/div>\n\t\t\t\t<\/div>\n\t\t\t\t<div class=\"elementor-element elementor-element-4cb53810 elementor-invisible elementor-widget elementor-widget-heading\" data-id=\"4cb53810\" data-element_type=\"widget\" data-settings=\"{&quot;_animation&quot;:&quot;fadeIn&quot;}\" data-widget_type=\"heading.default\">\n\t\t\t\t<div class=\"elementor-widget-container\">\n\t\t\t\t\t<h2 class=\"elementor-heading-title elementor-size-default\">ACCESSIBILITY SUPPORT CONTACT<\/h2>\t\t\t\t<\/div>\n\t\t\t\t<\/div>\n\t\t\t\t<div class=\"elementor-element elementor-element-3fb9717d elementor-widget elementor-widget-text-editor\" data-id=\"3fb9717d\" data-element_type=\"widget\" data-widget_type=\"text-editor.default\">\n\t\t\t\t<div class=\"elementor-widget-container\">\n\t\t\t\t\t\t\t\t\t<div><span style=\"color: var( --e-global-color-text ); font-family: var( --e-global-typography-text-font-family ), Sans-serif; font-size: var( --e-global-typography-text-font-size ); font-weight: var( --e-global-typography-text-font-weight );\">We welcome comments, questions and feedback about our website. If you are using assistive technologies and are having difficulty using our website, please send an email to info@automovilesjasu.com. We will try our best to help and solve the problems.<\/span><\/div>\t\t\t\t\t\t\t\t<\/div>\n\t\t\t\t<\/div>\n\t\t\t\t\t<\/div>\n\t\t<\/div>\n\t\t\t\t\t<\/div>\n\t\t<\/section>\n\t\t\t\t<section class=\"elementor-section elementor-top-section elementor-element elementor-element-5ea40308 elementor-section-boxed elementor-section-height-default elementor-section-height-default\" data-id=\"5ea40308\" data-element_type=\"section\">\n\t\t\t\t\t\t<div class=\"elementor-container elementor-column-gap-default\">\n\t\t\t\t\t<div class=\"elementor-column elementor-col-100 elementor-top-column elementor-element elementor-element-61681bf1\" data-id=\"61681bf1\" data-element_type=\"column\">\n\t\t\t<div class=\"elementor-widget-wrap elementor-element-populated\">\n\t\t\t\t\t\t<div class=\"elementor-element elementor-element-272d3d66 elementor-align-center elementor-widget elementor-widget-button\" data-id=\"272d3d66\" data-element_type=\"widget\" data-widget_type=\"button.default\">\n\t\t\t\t<div class=\"elementor-widget-container\">\n\t\t\t\t\t\t\t\t\t<div class=\"elementor-button-wrapper\">\n\t\t\t\t\t<a class=\"elementor-button elementor-size-md elementor-animation-grow\" role=\"button\">\n\t\t\t\t\t\t<span class=\"elementor-button-content-wrapper\">\n\t\t\t\t\t\t\t\t\t<span class=\"elementor-button-text\">Ask for more information<\/span>\n\t\t\t\t\t<\/span>\n\t\t\t\t\t<\/a>\n\t\t\t\t<\/div>\n\t\t\t\t\t\t\t\t<\/div>\n\t\t\t\t<\/div>\n\t\t\t\t\t<\/div>\n\t\t<\/div>\n\t\t\t\t\t<\/div>\n\t\t<\/section>\n\t\t\t\t<\/div>","protected":false},"excerpt":{"rendered":"<p>ACCESSIBILITY Responsible accessibility statement for this website in compliance with current regulations is committed to providing a fully accessible website experience for all users, including those who rely on assistive technologies such as screen readers, screen magnification software and alternative keyboard input devices [\u2026]<\/p>","protected":false},"author":4,"featured_media":11948,"parent":0,"menu_order":3,"comment_status":"closed","ping_status":"closed","template":"elementor_header_footer","meta":{"_joinchat":[],"footnotes":""},"class_list":["post-11945","page","type-page","status-publish","has-post-thumbnail","hentry"],"acf":[],"yoast_head":"<!-- This site is optimized with the Yoast SEO plugin v24.4 - https:\/\/yoast.com\/wordpress\/plugins\/seo\/ -->\n<title>Accesibilidad | Autom\u00f3viles Jasu<\/title>\n<meta name=\"description\" content=\"Descubre las mejores ofertas en coches de oportunidad en Asturias en nuestro concesionario. Amplia selecci\u00f3n de veh\u00edculos de calidad a precios irresistibles. \u00a1Vis\u00edtanos y encuentra el coche perfecto para ti hoy mismo!\" \/>\n<meta name=\"robots\" content=\"index, follow, max-snippet:-1, max-image-preview:large, max-video-preview:-1\" \/>\n<link rel=\"canonical\" href=\"https:\/\/www.automovilesjasu.com\/en\/accessibility\/\" \/>\n<meta property=\"og:locale\" content=\"en_US\" \/>\n<meta property=\"og:type\" content=\"article\" \/>\n<meta property=\"og:title\" content=\"Accesibilidad | Autom\u00f3viles Jasu\" \/>\n<meta property=\"og:description\" content=\"Descubre las mejores ofertas en coches de oportunidad en Asturias en nuestro concesionario. Amplia selecci\u00f3n de veh\u00edculos de calidad a precios irresistibles. \u00a1Vis\u00edtanos y encuentra el coche perfecto para ti hoy mismo!\" \/>\n<meta property=\"og:url\" content=\"https:\/\/www.automovilesjasu.com\/en\/accessibility\/\" \/>\n<meta property=\"og:site_name\" content=\"Autom\u00f3viles Jasu\" \/>\n<meta property=\"article:modified_time\" content=\"2024-04-11T18:12:39+00:00\" \/>\n<meta property=\"og:image\" content=\"https:\/\/www.automovilesjasu.com\/wp-content\/uploads\/2023\/11\/accesibilidad-1.jpg\" \/>\n\t<meta property=\"og:image:width\" content=\"1700\" \/>\n\t<meta property=\"og:image:height\" content=\"590\" \/>\n\t<meta property=\"og:image:type\" content=\"image\/jpeg\" \/>\n<meta name=\"twitter:card\" content=\"summary_large_image\" \/>\n<script type=\"application\/ld+json\" class=\"yoast-schema-graph\">{\"@context\":\"https:\/\/schema.org\",\"@graph\":[{\"@type\":\"WebPage\",\"@id\":\"https:\/\/www.automovilesjasu.com\/accesibilidad\/\",\"url\":\"https:\/\/www.automovilesjasu.com\/accesibilidad\/\",\"name\":\"Accesibilidad | Autom\u00f3viles Jasu\",\"isPartOf\":{\"@id\":\"https:\/\/www.automovilesjasu.com\/#website\"},\"primaryImageOfPage\":{\"@id\":\"https:\/\/www.automovilesjasu.com\/accesibilidad\/#primaryimage\"},\"image\":{\"@id\":\"https:\/\/www.automovilesjasu.com\/accesibilidad\/#primaryimage\"},\"thumbnailUrl\":\"https:\/\/www.automovilesjasu.com\/wp-content\/uploads\/2023\/11\/accesibilidad-1.jpg\",\"datePublished\":\"2023-11-18T11:50:30+00:00\",\"dateModified\":\"2024-04-11T18:12:39+00:00\",\"description\":\"Descubre las mejores ofertas en coches de oportunidad en Asturias en nuestro concesionario. Amplia selecci\u00f3n de veh\u00edculos de calidad a precios irresistibles. \u00a1Vis\u00edtanos y encuentra el coche perfecto para ti hoy mismo!\",\"breadcrumb\":{\"@id\":\"https:\/\/www.automovilesjasu.com\/accesibilidad\/#breadcrumb\"},\"inLanguage\":\"en-US\",\"potentialAction\":[{\"@type\":\"ReadAction\",\"target\":[\"https:\/\/www.automovilesjasu.com\/accesibilidad\/\"]}]},{\"@type\":\"ImageObject\",\"inLanguage\":\"en-US\",\"@id\":\"https:\/\/www.automovilesjasu.com\/accesibilidad\/#primaryimage\",\"url\":\"https:\/\/www.automovilesjasu.com\/wp-content\/uploads\/2023\/11\/accesibilidad-1.jpg\",\"contentUrl\":\"https:\/\/www.automovilesjasu.com\/wp-content\/uploads\/2023\/11\/accesibilidad-1.jpg\",\"width\":1700,\"height\":590},{\"@type\":\"BreadcrumbList\",\"@id\":\"https:\/\/www.automovilesjasu.com\/accesibilidad\/#breadcrumb\",\"itemListElement\":[{\"@type\":\"ListItem\",\"position\":1,\"name\":\"Inicio\",\"item\":\"https:\/\/www.automovilesjasu.com\/\"},{\"@type\":\"ListItem\",\"position\":2,\"name\":\"Accesibilidad\"}]},{\"@type\":\"WebSite\",\"@id\":\"https:\/\/www.automovilesjasu.com\/#website\",\"url\":\"https:\/\/www.automovilesjasu.com\/\",\"name\":\"Autom\u00f3viles Jasu\",\"description\":\"Compraventa de Veh\u00edculos de Ocasi\u00f3n\",\"publisher\":{\"@id\":\"https:\/\/www.automovilesjasu.com\/#organization\"},\"potentialAction\":[{\"@type\":\"SearchAction\",\"target\":{\"@type\":\"EntryPoint\",\"urlTemplate\":\"https:\/\/www.automovilesjasu.com\/?s={search_term_string}\"},\"query-input\":{\"@type\":\"PropertyValueSpecification\",\"valueRequired\":true,\"valueName\":\"search_term_string\"}}],\"inLanguage\":\"en-US\"},{\"@type\":\"Organization\",\"@id\":\"https:\/\/www.automovilesjasu.com\/#organization\",\"name\":\"Autom\u00f3viles JASU\",\"url\":\"https:\/\/www.automovilesjasu.com\/\",\"logo\":{\"@type\":\"ImageObject\",\"inLanguage\":\"en-US\",\"@id\":\"https:\/\/www.automovilesjasu.com\/#\/schema\/logo\/image\/\",\"url\":\"https:\/\/www.automovilesjasu.com\/wp-content\/uploads\/2021\/07\/logo-jasu.png\",\"contentUrl\":\"https:\/\/www.automovilesjasu.com\/wp-content\/uploads\/2021\/07\/logo-jasu.png\",\"width\":2637,\"height\":1200,\"caption\":\"Autom\u00f3viles JASU\"},\"image\":{\"@id\":\"https:\/\/www.automovilesjasu.com\/#\/schema\/logo\/image\/\"}}]}<\/script>\n<!-- \/ Yoast SEO plugin. -->","yoast_head_json":{"title":"Accesibilidad | Autom\u00f3viles Jasu","description":"Descubre las mejores ofertas en coches de oportunidad en Asturias en nuestro concesionario. Amplia selecci\u00f3n de veh\u00edculos de calidad a precios irresistibles. \u00a1Vis\u00edtanos y encuentra el coche perfecto para ti hoy mismo!","robots":{"index":"index","follow":"follow","max-snippet":"max-snippet:-1","max-image-preview":"max-image-preview:large","max-video-preview":"max-video-preview:-1"},"canonical":"https:\/\/www.automovilesjasu.com\/en\/accessibility\/","og_locale":"en_US","og_type":"article","og_title":"Accesibilidad | Autom\u00f3viles Jasu","og_description":"Descubre las mejores ofertas en coches de oportunidad en Asturias en nuestro concesionario. Amplia selecci\u00f3n de veh\u00edculos de calidad a precios irresistibles. \u00a1Vis\u00edtanos y encuentra el coche perfecto para ti hoy mismo!","og_url":"https:\/\/www.automovilesjasu.com\/en\/accessibility\/","og_site_name":"Autom\u00f3viles Jasu","article_modified_time":"2024-04-11T18:12:39+00:00","og_image":[{"width":1700,"height":590,"url":"https:\/\/www.automovilesjasu.com\/wp-content\/uploads\/2023\/11\/accesibilidad-1.jpg","type":"image\/jpeg"}],"twitter_card":"summary_large_image","schema":{"@context":"https:\/\/schema.org","@graph":[{"@type":"WebPage","@id":"https:\/\/www.automovilesjasu.com\/accesibilidad\/","url":"https:\/\/www.automovilesjasu.com\/accesibilidad\/","name":"Accesibilidad | Autom\u00f3viles Jasu","isPartOf":{"@id":"https:\/\/www.automovilesjasu.com\/#website"},"primaryImageOfPage":{"@id":"https:\/\/www.automovilesjasu.com\/accesibilidad\/#primaryimage"},"image":{"@id":"https:\/\/www.automovilesjasu.com\/accesibilidad\/#primaryimage"},"thumbnailUrl":"https:\/\/www.automovilesjasu.com\/wp-content\/uploads\/2023\/11\/accesibilidad-1.jpg","datePublished":"2023-11-18T11:50:30+00:00","dateModified":"2024-04-11T18:12:39+00:00","description":"Descubre las mejores ofertas en coches de oportunidad en Asturias en nuestro concesionario. Amplia selecci\u00f3n de veh\u00edculos de calidad a precios irresistibles. \u00a1Vis\u00edtanos y encuentra el coche perfecto para ti hoy mismo!","breadcrumb":{"@id":"https:\/\/www.automovilesjasu.com\/accesibilidad\/#breadcrumb"},"inLanguage":"en-US","potentialAction":[{"@type":"ReadAction","target":["https:\/\/www.automovilesjasu.com\/accesibilidad\/"]}]},{"@type":"ImageObject","inLanguage":"en-US","@id":"https:\/\/www.automovilesjasu.com\/accesibilidad\/#primaryimage","url":"https:\/\/www.automovilesjasu.com\/wp-content\/uploads\/2023\/11\/accesibilidad-1.jpg","contentUrl":"https:\/\/www.automovilesjasu.com\/wp-content\/uploads\/2023\/11\/accesibilidad-1.jpg","width":1700,"height":590},{"@type":"BreadcrumbList","@id":"https:\/\/www.automovilesjasu.com\/accesibilidad\/#breadcrumb","itemListElement":[{"@type":"ListItem","position":1,"name":"Inicio","item":"https:\/\/www.automovilesjasu.com\/"},{"@type":"ListItem","position":2,"name":"Accesibilidad"}]},{"@type":"WebSite","@id":"https:\/\/www.automovilesjasu.com\/#website","url":"https:\/\/www.automovilesjasu.com\/","name":"Autom\u00f3viles Jasu","description":"Compraventa de Veh\u00edculos de Ocasi\u00f3n","publisher":{"@id":"https:\/\/www.automovilesjasu.com\/#organization"},"potentialAction":[{"@type":"SearchAction","target":{"@type":"EntryPoint","urlTemplate":"https:\/\/www.automovilesjasu.com\/?s={search_term_string}"},"query-input":{"@type":"PropertyValueSpecification","valueRequired":true,"valueName":"search_term_string"}}],"inLanguage":"en-US"},{"@type":"Organization","@id":"https:\/\/www.automovilesjasu.com\/#organization","name":"Autom\u00f3viles JASU","url":"https:\/\/www.automovilesjasu.com\/","logo":{"@type":"ImageObject","inLanguage":"en-US","@id":"https:\/\/www.automovilesjasu.com\/#\/schema\/logo\/image\/","url":"https:\/\/www.automovilesjasu.com\/wp-content\/uploads\/2021\/07\/logo-jasu.png","contentUrl":"https:\/\/www.automovilesjasu.com\/wp-content\/uploads\/2021\/07\/logo-jasu.png","width":2637,"height":1200,"caption":"Autom\u00f3viles JASU"},"image":{"@id":"https:\/\/www.automovilesjasu.com\/#\/schema\/logo\/image\/"}}]}},"_links":{"self":[{"href":"https:\/\/www.automovilesjasu.com\/en\/wp-json\/wp\/v2\/pages\/11945","targetHints":{"allow":["GET"]}}],"collection":[{"href":"https:\/\/www.automovilesjasu.com\/en\/wp-json\/wp\/v2\/pages"}],"about":[{"href":"https:\/\/www.automovilesjasu.com\/en\/wp-json\/wp\/v2\/types\/page"}],"author":[{"embeddable":true,"href":"https:\/\/www.automovilesjasu.com\/en\/wp-json\/wp\/v2\/users\/4"}],"replies":[{"embeddable":true,"href":"https:\/\/www.automovilesjasu.com\/en\/wp-json\/wp\/v2\/comments?post=11945"}],"version-history":[{"count":4,"href":"https:\/\/www.automovilesjasu.com\/en\/wp-json\/wp\/v2\/pages\/11945\/revisions"}],"predecessor-version":[{"id":12007,"href":"https:\/\/www.automovilesjasu.com\/en\/wp-json\/wp\/v2\/pages\/11945\/revisions\/12007"}],"wp:featuredmedia":[{"embeddable":true,"href":"https:\/\/www.automovilesjasu.com\/en\/wp-json\/wp\/v2\/media\/11948"}],"wp:attachment":[{"href":"https:\/\/www.automovilesjasu.com\/en\/wp-json\/wp\/v2\/media?parent=11945"}],"curies":[{"name":"wp","href":"https:\/\/api.w.org\/{rel}","templated":true}]}}